{"id":4529,"date":"2020-11-01T21:19:36","date_gmt":"2020-11-01T21:19:36","guid":{"rendered":"https:\/\/www.video-animation.ch\/portfolio-item\/time-to-move-video-animation-fuer-oev-kampagne\/"},"modified":"2021-09-01T09:32:17","modified_gmt":"2021-09-01T09:32:17","slug":"time-to-move-video-animation-fuer-oev-kampagne","status":"publish","type":"portfolio","link":"https:\/\/www.video-animation.ch\/fr\/portfolio-item\/time-to-move-video-animation-fuer-oev-kampagne\/","title":{"rendered":"Time to move &#8211; Video Animation f\u00fcr \u00d6V Kampagne"},"content":{"rendered":"<div  class='flex_column av-oe0137-eb747f42fb75b2425d4b8f146a007539 av_two_third  avia-builder-el-0  el_before_av_one_third  avia-builder-el-first  first flex_column_div  '     ><p><div  class='avia-video av-26ob5v-a57986aba395945b89ee4e4f8507c844 avia-video-16-9 av-no-preview-image avia-video-load-always av-lazyload-immediate av-lazyload-video-embed'  itemprop=\"video\" itemtype=\"https:\/\/schema.org\/VideoObject\"  data-original_url='https:\/\/vimeo.com\/474453334'><script type='text\/html' class='av-video-tmpl'><div class='avia-iframe-wrap'><iframe loading=\"lazy\" title=\"Time to Move - Video Animation f&amp;uuml;r &amp;Ouml;V Screens\" src=\"https:\/\/player.vimeo.com\/video\/474453334?dnt=1&amp;app_id=122963&amp;h=a4685ce163&autoplay=0&loop=0&controls=1&muted=0\" width=\"1500\" height=\"844\" frameborder=\"0\" allow=\"autoplay; fullscreen; picture-in-picture\" allowfullscreen><\/iframe><\/div><\/script><div class='av-click-to-play-overlay'><div class=\"avia_playpause_icon\"><\/div><\/div><\/div><br \/>\n<section  class='av_textblock_section av-ld8kar-3154eff5f1d26b29d68c6100b43301ab '   itemscope=\"itemscope\" itemtype=\"https:\/\/schema.org\/CreativeWork\" ><div class='avia_textblock'  itemprop=\"text\" ><h3>Bilder<\/h3>\n<\/div><\/section><br \/>\n\n<style type=\"text\/css\" data-created_by=\"avia_inline_auto\" id=\"style-css-av-jf39sz-7b7e07d70de2ab0efe5e79c2cdda6672\">\n#top .avia-gallery.av-jf39sz-7b7e07d70de2ab0efe5e79c2cdda6672 .avia-gallery-thumb a{\nwidth:14.2857%;\n}\n<\/style>\n<div  class='avia-gallery av-jf39sz-7b7e07d70de2ab0efe5e79c2cdda6672 avia_animate_when_visible  avia-builder-el-3  el_after_av_textblock  avia-builder-el-last  avia_lazyload avia-gallery-animate avia-gallery-1'  itemprop=\"image\" itemscope=\"itemscope\" itemtype=\"https:\/\/schema.org\/ImageObject\" ><meta itemprop=\"contentURL\" content=\"https:\/\/www.video-animation.ch\/fr\/portfolio-item\/time-to-move-video-animation-fuer-oev-kampagne\/\"><div class='avia-gallery-thumb'><a href=\"https:\/\/www.video-animation.ch\/wp-content\/uploads\/2020\/11\/Logo-animation-animativ-Time-to-move-1030x579.jpg\" data-srcset=\"https:\/\/www.video-animation.ch\/wp-content\/uploads\/2020\/11\/Logo-animation-animativ-Time-to-move-1030x579.jpg 1030w, https:\/\/www.video-animation.ch\/wp-content\/uploads\/2020\/11\/Logo-animation-animativ-Time-to-move-300x169.jpg 300w, https:\/\/www.video-animation.ch\/wp-content\/uploads\/2020\/11\/Logo-animation-animativ-Time-to-move-768x432.jpg 768w, https:\/\/www.video-animation.ch\/wp-content\/uploads\/2020\/11\/Logo-animation-animativ-Time-to-move-1536x864.jpg 1536w, https:\/\/www.video-animation.ch\/wp-content\/uploads\/2020\/11\/Logo-animation-animativ-Time-to-move-1500x844.jpg 1500w, https:\/\/www.video-animation.ch\/wp-content\/uploads\/2020\/11\/Logo-animation-animativ-Time-to-move-705x397.jpg 705w, https:\/\/www.video-animation.ch\/wp-content\/uploads\/2020\/11\/Logo-animation-animativ-Time-to-move.jpg 1920w\" data-sizes=\"(max-width: 1030px) 100vw, 1030px\" data-rel='gallery-1' data-prev-img='https:\/\/www.video-animation.ch\/wp-content\/uploads\/2020\/11\/Logo-animation-animativ-Time-to-move-710x375.jpg' class='first_thumb lightbox ' data-onclick='1' title='Logo Animation &#8211; Time to move'  itemprop=\"thumbnailUrl\"  ><img decoding=\"async\" fetchpriority=\"high\" class=\"wp-image-4530 avia-img-lazy-loading-not-4530\"  data-avia-tooltip='Logo Animation &#8211; Time to move' src=\"https:\/\/www.video-animation.ch\/wp-content\/uploads\/2020\/11\/Logo-animation-animativ-Time-to-move-260x185.jpg\" width=\"260\" height=\"185\"  title='Logo-animation-animativ-Time-to-move' alt='' \/><div class='big-prev-fake'><img decoding=\"async\" loading=\"lazy\" class=\"wp-image-4530 avia-img-lazy-loading-4530\"  width=\"710\" height=\"375\" src=\"https:\/\/www.video-animation.ch\/wp-content\/uploads\/2020\/11\/Logo-animation-animativ-Time-to-move-710x375.jpg\" title='Logo-animation-animativ-Time-to-move' alt='' \/><\/div><\/a><a href=\"https:\/\/www.video-animation.ch\/wp-content\/uploads\/2020\/11\/Logo-animation-Time-to-move-Video-1030x579.jpg\" data-srcset=\"https:\/\/www.video-animation.ch\/wp-content\/uploads\/2020\/11\/Logo-animation-Time-to-move-Video-1030x579.jpg 1030w, https:\/\/www.video-animation.ch\/wp-content\/uploads\/2020\/11\/Logo-animation-Time-to-move-Video-300x169.jpg 300w, https:\/\/www.video-animation.ch\/wp-content\/uploads\/2020\/11\/Logo-animation-Time-to-move-Video-768x432.jpg 768w, https:\/\/www.video-animation.ch\/wp-content\/uploads\/2020\/11\/Logo-animation-Time-to-move-Video-1536x864.jpg 1536w, https:\/\/www.video-animation.ch\/wp-content\/uploads\/2020\/11\/Logo-animation-Time-to-move-Video-1500x844.jpg 1500w, https:\/\/www.video-animation.ch\/wp-content\/uploads\/2020\/11\/Logo-animation-Time-to-move-Video-705x397.jpg 705w, https:\/\/www.video-animation.ch\/wp-content\/uploads\/2020\/11\/Logo-animation-Time-to-move-Video.jpg 1920w\" data-sizes=\"(max-width: 1030px) 100vw, 1030px\" data-rel='gallery-1' data-prev-img='https:\/\/www.video-animation.ch\/wp-content\/uploads\/2020\/11\/Logo-animation-Time-to-move-Video-710x375.jpg' class='lightbox ' data-onclick='2' title='Time to move &#8211; Video Animation'  itemprop=\"thumbnailUrl\"  ><img decoding=\"async\" fetchpriority=\"high\" class=\"wp-image-4504 avia-img-lazy-loading-not-4504\"  data-avia-tooltip='Time to move &#8211; Video Animation' src=\"https:\/\/www.video-animation.ch\/wp-content\/uploads\/2020\/11\/Logo-animation-Time-to-move-Video-260x185.jpg\" width=\"260\" height=\"185\"  title='Logo-animation-Time-to-move-Video' alt='' \/><div class='big-prev-fake'><img decoding=\"async\" loading=\"lazy\" class=\"wp-image-4504 avia-img-lazy-loading-4504\"  width=\"710\" height=\"375\" src=\"https:\/\/www.video-animation.ch\/wp-content\/uploads\/2020\/11\/Logo-animation-Time-to-move-Video-710x375.jpg\" title='Logo-animation-Time-to-move-Video' alt='' \/><\/div><\/a><a href=\"https:\/\/www.video-animation.ch\/wp-content\/uploads\/2020\/11\/Video-animation-Screens-fuer-\u00d6V-Time-to-move-1030x579.jpg\" data-srcset=\"https:\/\/www.video-animation.ch\/wp-content\/uploads\/2020\/11\/Video-animation-Screens-fuer-\u00d6V-Time-to-move-1030x579.jpg 1030w, https:\/\/www.video-animation.ch\/wp-content\/uploads\/2020\/11\/Video-animation-Screens-fuer-\u00d6V-Time-to-move-300x169.jpg 300w, https:\/\/www.video-animation.ch\/wp-content\/uploads\/2020\/11\/Video-animation-Screens-fuer-\u00d6V-Time-to-move-768x432.jpg 768w, https:\/\/www.video-animation.ch\/wp-content\/uploads\/2020\/11\/Video-animation-Screens-fuer-\u00d6V-Time-to-move-1536x864.jpg 1536w, https:\/\/www.video-animation.ch\/wp-content\/uploads\/2020\/11\/Video-animation-Screens-fuer-\u00d6V-Time-to-move-1500x844.jpg 1500w, https:\/\/www.video-animation.ch\/wp-content\/uploads\/2020\/11\/Video-animation-Screens-fuer-\u00d6V-Time-to-move-705x397.jpg 705w, https:\/\/www.video-animation.ch\/wp-content\/uploads\/2020\/11\/Video-animation-Screens-fuer-\u00d6V-Time-to-move.jpg 1920w\" data-sizes=\"(max-width: 1030px) 100vw, 1030px\" data-rel='gallery-1' data-prev-img='https:\/\/www.video-animation.ch\/wp-content\/uploads\/2020\/11\/Video-animation-Screens-fuer-\u00d6V-Time-to-move-710x375.jpg' class='lightbox ' data-onclick='3' title='Video Animation f\u00fcr \u00d6V Screens'  itemprop=\"thumbnailUrl\"  ><img decoding=\"async\" fetchpriority=\"high\" class=\"wp-image-4505 avia-img-lazy-loading-not-4505\"  data-avia-tooltip='Video Animation f\u00fcr \u00d6V Screens' src=\"https:\/\/www.video-animation.ch\/wp-content\/uploads\/2020\/11\/Video-animation-Screens-fuer-\u00d6V-Time-to-move-260x185.jpg\" width=\"260\" height=\"185\"  title='Video-animation-Screens-fuer-\u00d6V-Time-to-move' alt='' \/><div class='big-prev-fake'><img decoding=\"async\" loading=\"lazy\" class=\"wp-image-4505 avia-img-lazy-loading-4505\"  width=\"710\" height=\"375\" src=\"https:\/\/www.video-animation.ch\/wp-content\/uploads\/2020\/11\/Video-animation-Screens-fuer-\u00d6V-Time-to-move-710x375.jpg\" title='Video-animation-Screens-fuer-\u00d6V-Time-to-move' alt='' \/><\/div><\/a><\/div><\/div><\/p><\/div>\n<style type=\"text\/css\" data-created_by=\"avia_inline_auto\" id=\"style-css-av-huaioz-a96440522b4ae1098dcc4b914c6237b2\">\n.flex_column.av-huaioz-a96440522b4ae1098dcc4b914c6237b2{\nborder-radius:0px 0px 0px 0px;\npadding:0px 0px 0px 0px;\n}\n<\/style>\n<div  class='flex_column av-huaioz-a96440522b4ae1098dcc4b914c6237b2 av_one_third  avia-builder-el-4  el_after_av_two_third  el_before_av_section  avia-builder-el-last  flex_column_div av-zero-column-padding  '     ><section  class='av_textblock_section av-fb1esz-5135f22f1703b50f20c8802f3e34c7e4 '   itemscope=\"itemscope\" itemtype=\"https:\/\/schema.org\/CreativeWork\" ><div class='avia_textblock'  itemprop=\"text\" ><h3>Time to Move &#8211; Video Animation f\u00fcr \u00d6V Screens<\/h3>\n<p>Eine kurze Videoanimation f\u00fcr die Screens im \u00d6ffentlichen Verkehr. Das Video wurde f\u00fcr die Time to Move Kampagne kreiert.<\/p>\n<p>In Zusammenarbeit mit B\u00fcro Destruct \u2013 BD (Grafik Design)<\/p>\n<p>Erstellung: August 2019<\/p>\n<\/div><\/section><br \/>\n<div  class='togglecontainer av-dgsq1f-08cf8e9dd16a8b4bd2cc81df3f0c37a3  avia-builder-el-6  el_after_av_textblock  avia-builder-el-last  toggle_close_all' >\n<section class='av_toggle_section av-57npmu-7cb31a7c01d52c527724894f2317edec'  itemscope=\"itemscope\" itemtype=\"https:\/\/schema.org\/CreativeWork\" ><div role=\"tablist\" class=\"single_toggle\" data-tags=\"{Tout} \"  ><p id='toggle-toggle-id-1' data-fake-id='#toggle-id-1' class='toggler  activeTitle av-title-above '  itemprop=\"headline\"  role='tab' tabindex='0' aria-controls='toggle-id-1' data-slide-speed=\"200\" data-title=\"Kunde\" data-title-open=\"\" data-aria_collapsed=\"Click to expand: Kunde\" data-aria_expanded=\"Click to collapse: Kunde\">Kunde<span class=\"toggle_icon\"><span class=\"vert_icon\"><\/span><span class=\"hor_icon\"><\/span><\/span><\/p><div id='toggle-id-1' aria-labelledby='toggle-toggle-id-1' role='region' class='toggle_wrap  active_tc av-title-above' style='display:block;' ><div class='toggle_content invers-color '  itemprop=\"text\" ><p><strong>Time for change<br \/>\n<\/strong><\/p>\n<p>Die Video Animation wurde f\u00fcr die Time to move Kampagne von Time for change umgesetzt.<\/p>\n<p>Time to Move ist ein partizipativ und kollaborativ angelegtes Projekt, das sich mit Mobilit\u00e4t, Diversit\u00e4t und gesellschaftlichem Wandel befasst.<\/p>\n<p><a href=\"https:\/\/www.time-to-move.ch\">www.time-to-move.ch<\/a><\/p>\n<p>In Zusammenarbeit mit B\u00fcro Destruct \u2013 BD (Grafik Design)<\/p>\n<\/div><\/div><\/div><\/section>\n<section class='av_toggle_section av-4lfdwm-38c3ea5969fa2e8c0ae4979ea23c166e'  itemscope=\"itemscope\" itemtype=\"https:\/\/schema.org\/CreativeWork\" ><div role=\"tablist\" class=\"single_toggle\" data-tags=\"{Tout} \"  ><p id='toggle-toggle-id-2' data-fake-id='#toggle-id-2' class='toggler  av-title-above '  itemprop=\"headline\"  role='tab' tabindex='0' aria-controls='toggle-id-2' data-slide-speed=\"200\" data-title=\"meine Funktion\" data-title-open=\"\" data-aria_collapsed=\"Click to expand: meine Funktion\" data-aria_expanded=\"Click to collapse: meine Funktion\">meine Funktion<span class=\"toggle_icon\"><span class=\"vert_icon\"><\/span><span class=\"hor_icon\"><\/span><\/span><\/p><div id='toggle-id-2' aria-labelledby='toggle-toggle-id-2' role='region' class='toggle_wrap  av-title-above'  ><div class='toggle_content invers-color '  itemprop=\"text\" ><ul>\n<li>Video und Logo Animation<\/li>\n<\/ul>\n<\/div><\/div><\/div><\/section>\n<section class='av_toggle_section av-36h3ye-b7b653b9d93ee920fae8fc8a66115a9f'  itemscope=\"itemscope\" itemtype=\"https:\/\/schema.org\/CreativeWork\" ><div role=\"tablist\" class=\"single_toggle\" data-tags=\"{Tout} \"  ><p id='toggle-toggle-id-3' data-fake-id='#toggle-id-3' class='toggler  av-title-above '  itemprop=\"headline\"  role='tab' tabindex='0' aria-controls='toggle-id-3' data-slide-speed=\"200\" data-title=\"damit verbundene Kompetenzen\" data-title-open=\"\" data-aria_collapsed=\"Click to expand: damit verbundene Kompetenzen\" data-aria_expanded=\"Click to collapse: damit verbundene Kompetenzen\">damit verbundene Kompetenzen<span class=\"toggle_icon\"><span class=\"vert_icon\"><\/span><span class=\"hor_icon\"><\/span><\/span><\/p><div id='toggle-id-3' aria-labelledby='toggle-toggle-id-3' role='region' class='toggle_wrap  av-title-above'  ><div class='toggle_content invers-color '  itemprop=\"text\" ><ul>\n<li>Adobe After Effects, Video und Logo Animation<\/li>\n<\/ul>\n<\/div><\/div><\/div><\/section>\n<\/div><\/p><\/div><\/div><\/div><\/div><!-- close content main div --><\/div><\/div><div id='av_section_1'  class='avia-section av-87po0z-b4a7d0d64528a3381f8cebe5d9f2bca3 alternate_color avia-section-default avia-shadow  avia-builder-el-7  el_after_av_one_third  avia-builder-el-last  avia-bg-style-scroll container_wrap sidebar_right'  ><div class='container av-section-cont-open' ><div class='template-page content  av-content-small alpha units'><div class='post-entry post-entry-type-page post-entry-4529'><div class='entry-content-wrapper clearfix'>\n<section  class='av_textblock_section av-561meb-147aa804c80c80a2708be7bb350c0c22 '   itemscope=\"itemscope\" itemtype=\"https:\/\/schema.org\/CreativeWork\" ><div class='avia_textblock'  itemprop=\"text\" ><h4 style=\"text-align: center;\">Die neusten Eintr\u00e4ge<\/h4>\n<\/div><\/section>\n<div  class='hr av-4jy0f7-fc0be60ff940048229581900d165e025 hr-short  avia-builder-el-9  el_after_av_textblock  el_before_av_portfolio  avia-builder-el-last  hr-center'><span class='hr-inner '><span class=\"hr-inner-style\"><\/span><\/span><\/div>\n<div  id=\"av-sc-portfolio-1\"  class=' grid-sort-container isotope   no_margin-container with-excerpt-container grid-total-even grid-col-4 grid-links-' data-portfolio-id='1'><div data-ajax-id='4529' class=' grid-entry flex_column isotope-item all_sort no_margin post-entry post-entry-4529 grid-entry-overview grid-loop-1 grid-parity-odd  animation-fr_sort logo-bilder-fr_sort video_sort  av_one_fourth first default_av_fullwidth '><article class='main_color inner-entry'  itemscope=\"itemscope\" itemtype=\"https:\/\/schema.org\/CreativeWork\" ><a href=\"https:\/\/www.video-animation.ch\/fr\/portfolio-item\/time-to-move-video-animation-fuer-oev-kampagne\/\" title='Time to move &#8211; Video Animation f\u00fcr \u00d6V Kampagne'  data-rel='grid-1' class='grid-image avia-hover-fx'> <img decoding=\"async\" fetchpriority=\"high\" width=\"260\" height=\"185\" src=\"https:\/\/www.video-animation.ch\/wp-content\/uploads\/2020\/11\/Logo-animation-Time-to-move-Video-2-260x185.jpg\" class=\"wp-image-4516 avia-img-lazy-loading-not-4516 attachment-portfolio_small size-portfolio_small wp-post-image\" alt=\"\" \/><\/a><div class='grid-content'><div class='avia-arrow'><\/div><header class=\"entry-content-header\" aria-label=\"Portfolio: Time to move &#8211; Video Animation f\u00fcr \u00d6V Kampagne\"><h3 class='grid-entry-title entry-title '  itemprop=\"headline\" ><a href='https:\/\/www.video-animation.ch\/fr\/portfolio-item\/time-to-move-video-animation-fuer-oev-kampagne\/' title='Time to move &#8211; Video Animation f\u00fcr \u00d6V Kampagne'>Time to move &#8211; Video Animation f\u00fcr \u00d6V Kampagne<\/a><\/h3><\/header><div class='grid-entry-excerpt entry-content'  itemprop=\"text\" >Time to Move Kampagne<\/div><\/div><footer class=\"entry-footer\"><\/footer><\/article><\/div><div data-ajax-id='4266' class=' grid-entry flex_column isotope-item all_sort no_margin post-entry post-entry-4266 grid-entry-overview grid-loop-2 grid-parity-even  animation-fr_sort logo-bilder-fr_sort video_sort  av_one_fourth  default_av_fullwidth '><article class='main_color inner-entry'  itemscope=\"itemscope\" itemtype=\"https:\/\/schema.org\/CreativeWork\" ><a href=\"https:\/\/www.video-animation.ch\/fr\/portfolio-item\/mix-up-video-animation\/\" title='Mix Up! Plakat Video Animation'  data-rel='grid-1' class='grid-image avia-hover-fx'> <img decoding=\"async\" fetchpriority=\"high\" width=\"260\" height=\"185\" src=\"https:\/\/www.video-animation.ch\/wp-content\/uploads\/2016\/09\/mixUp_Festival_Bern_Animation_by_Animativ-260x185.jpg\" class=\"wp-image-4249 avia-img-lazy-loading-not-4249 attachment-portfolio_small size-portfolio_small wp-post-image\" alt=\"MixUp Festival Bern - Animation by Animativ Video Editing Bern\" \/><\/a><div class='grid-content'><div class='avia-arrow'><\/div><header class=\"entry-content-header\" aria-label=\"Portfolio: Mix Up! Plakat Video Animation\"><h3 class='grid-entry-title entry-title '  itemprop=\"headline\" ><a href='https:\/\/www.video-animation.ch\/fr\/portfolio-item\/mix-up-video-animation\/' title='Mix Up! Plakat Video Animation'>Mix Up! Plakat Video Animation<\/a><\/h3><\/header><div class='grid-entry-excerpt entry-content'  itemprop=\"text\" >Portfolio Element Video, MixUp! Festival Plakat Video Animation\r\nSeptember 2016<\/div><\/div><footer class=\"entry-footer\"><\/footer><\/article><\/div><div data-ajax-id='4262' class=' grid-entry flex_column isotope-item all_sort no_margin post-entry post-entry-4262 grid-entry-overview grid-loop-3 grid-parity-odd  animation-fr_sort images_sort logo-bilder-fr_sort video_sort  av_one_fourth  default_av_fullwidth '><article class='main_color inner-entry'  itemscope=\"itemscope\" itemtype=\"https:\/\/schema.org\/CreativeWork\" ><a href=\"https:\/\/www.video-animation.ch\/fr\/portfolio-item\/moser-schelker-nrj-youtube-kanal-video\/\" title='Moser &#038; Schelker &#8211; YouTube Kanal Intro Video'  data-rel='grid-1' class='grid-image avia-hover-fx'> <img decoding=\"async\" fetchpriority=\"high\" width=\"260\" height=\"185\" src=\"https:\/\/www.video-animation.ch\/wp-content\/uploads\/2016\/09\/Moser_Schelker_Logo_stempel_by_Animativ-260x185.jpg\" class=\"wp-image-4247 avia-img-lazy-loading-not-4247 attachment-portfolio_small size-portfolio_small wp-post-image\" alt=\"Moser Schelker Logo kreation by Animativ\" \/><\/a><div class='grid-content'><div class='avia-arrow'><\/div><header class=\"entry-content-header\" aria-label=\"Portfolio: Moser &#038; Schelker &#8211; YouTube Kanal Intro Video\"><h3 class='grid-entry-title entry-title '  itemprop=\"headline\" ><a href='https:\/\/www.video-animation.ch\/fr\/portfolio-item\/moser-schelker-nrj-youtube-kanal-video\/' title='Moser &#038; Schelker &#8211; YouTube Kanal Intro Video'>Moser &#038; Schelker &#8211; YouTube Kanal Intro Video<\/a><\/h3><\/header><div class='grid-entry-excerpt entry-content'  itemprop=\"text\" >Portfolio Element Video, YouTube Intro Clip Moser & Schelker\r\nDezember 2015<\/div><\/div><footer class=\"entry-footer\"><\/footer><\/article><\/div><div data-ajax-id='4258' class=' grid-entry flex_column isotope-item all_sort no_margin post-entry post-entry-4258 grid-entry-overview grid-loop-4 grid-parity-even  post-entry-last  animation-fr_sort video_sort  av_one_fourth  default_av_fullwidth '><article class='main_color inner-entry'  itemscope=\"itemscope\" itemtype=\"https:\/\/schema.org\/CreativeWork\" ><a href=\"https:\/\/www.video-animation.ch\/fr\/portfolio-item\/die-mobiliar-app-werbevideo\/\" title='die Mobiliar &#8211; App Werbe Video'  data-rel='grid-1' class='grid-image avia-hover-fx'> <img decoding=\"async\" fetchpriority=\"high\" width=\"260\" height=\"185\" src=\"https:\/\/www.video-animation.ch\/wp-content\/uploads\/2016\/09\/dieMobiliar_App_Intro_by_Animativ-260x185.jpg\" class=\"wp-image-4209 avia-img-lazy-loading-not-4209 attachment-portfolio_small size-portfolio_small wp-post-image\" alt=\"Die Mobiliar App - Promotions Video by Animativ\" \/><\/a><div class='grid-content'><div class='avia-arrow'><\/div><header class=\"entry-content-header\" aria-label=\"Portfolio: die Mobiliar &#8211; App Werbe Video\"><h3 class='grid-entry-title entry-title '  itemprop=\"headline\" ><a href='https:\/\/www.video-animation.ch\/fr\/portfolio-item\/die-mobiliar-app-werbevideo\/' title='die Mobiliar &#8211; App Werbe Video'>die Mobiliar &#8211; App Werbe Video<\/a><\/h3><\/header><div class='grid-entry-excerpt entry-content'  itemprop=\"text\" >Portfolio Element Video, Werbe Clip f\u00fcr die Mobiliar App\r\nApril 2016<\/div><\/div><footer class=\"entry-footer\"><\/footer><\/article><\/div><\/div>\n<\/div><\/div><\/div><!-- close content main div --><\/div><\/div><div id='after_section_1'  class='main_color av_default_container_wrap container_wrap sidebar_right'  ><div class='container av-section-cont-open' ><div class='template-page content  av-content-small alpha units'><div class='post-entry post-entry-type-page post-entry-4529'><div class='entry-content-wrapper clearfix'><\/p>\n","protected":false},"excerpt":{"rendered":"<p>Time to Move Kampagne<\/p>\n","protected":false},"author":1,"featured_media":4516,"comment_status":"closed","ping_status":"closed","template":"","meta":{"footnotes":""},"tags":[54,57,80],"portfolio_entries":[48,127,47],"class_list":["post-4529","portfolio","type-portfolio","status-publish","has-post-thumbnail","hentry","tag-animation-fr","tag-video-fr","tag-werbevideo-fr","portfolio_entries-animation-fr","portfolio_entries-logo-bilder-fr","portfolio_entries-video"],"_links":{"self":[{"href":"https:\/\/www.video-animation.ch\/fr\/wp-json\/wp\/v2\/portfolio\/4529"}],"collection":[{"href":"https:\/\/www.video-animation.ch\/fr\/wp-json\/wp\/v2\/portfolio"}],"about":[{"href":"https:\/\/www.video-animation.ch\/fr\/wp-json\/wp\/v2\/types\/portfolio"}],"author":[{"embeddable":true,"href":"https:\/\/www.video-animation.ch\/fr\/wp-json\/wp\/v2\/users\/1"}],"replies":[{"embeddable":true,"href":"https:\/\/www.video-animation.ch\/fr\/wp-json\/wp\/v2\/comments?post=4529"}],"version-history":[{"count":3,"href":"https:\/\/www.video-animation.ch\/fr\/wp-json\/wp\/v2\/portfolio\/4529\/revisions"}],"predecessor-version":[{"id":4565,"href":"https:\/\/www.video-animation.ch\/fr\/wp-json\/wp\/v2\/portfolio\/4529\/revisions\/4565"}],"wp:featuredmedia":[{"embeddable":true,"href":"https:\/\/www.video-animation.ch\/fr\/wp-json\/wp\/v2\/media\/4516"}],"wp:attachment":[{"href":"https:\/\/www.video-animation.ch\/fr\/wp-json\/wp\/v2\/media?parent=4529"}],"wp:term":[{"taxonomy":"post_tag","embeddable":true,"href":"https:\/\/www.video-animation.ch\/fr\/wp-json\/wp\/v2\/tags?post=4529"},{"taxonomy":"portfolio_entries","embeddable":true,"href":"https:\/\/www.video-animation.ch\/fr\/wp-json\/wp\/v2\/portfolio_entries?post=4529"}],"curies":[{"name":"wp","href":"https:\/\/api.w.org\/{rel}","templated":true}]}}