{"id":4266,"date":"2016-09-23T12:39:00","date_gmt":"2016-09-23T12:39:00","guid":{"rendered":"http:\/\/www.video-animation.ch\/portfolio-item\/mix-up-video-animation-2\/"},"modified":"2021-09-01T08:31:39","modified_gmt":"2021-09-01T08:31:39","slug":"mix-up-video-animation","status":"publish","type":"portfolio","link":"https:\/\/www.video-animation.ch\/fr\/portfolio-item\/mix-up-video-animation\/","title":{"rendered":"Mix Up! Plakat Video Animation"},"content":{"rendered":"<div  class='flex_column av-nc7nbr-2274882650f03317d06d824848bc691c av_two_third  avia-builder-el-0  el_before_av_one_third  avia-builder-el-first  first flex_column_div  '     ><p><div  class='avia-video av-lz5j2v-cb8ed9e34765cd3f4ba39bbf7eec4401 avia-video-16-9 av-no-preview-image avia-video-load-always av-lazyload-immediate av-lazyload-video-embed'  itemprop=\"video\" itemtype=\"https:\/\/schema.org\/VideoObject\"  data-original_url='https:\/\/vimeo.com\/171439799'><script type='text\/html' class='av-video-tmpl'><div class='avia-iframe-wrap'><iframe loading=\"lazy\" src=\"https:\/\/player.vimeo.com\/video\/171439799?autoplay=0&loop=0&controls=1&muted=0\" width=\"1500\" height=\"844\" frameborder=\"0\" title=\"mix up! Festival f&uuml;r Theater, Performance, Tanz und Musik 22.9. - 7.10\" webkitallowfullscreen mozallowfullscreen allowfullscreen><\/iframe><\/div><\/script><div class='av-click-to-play-overlay'><div class=\"avia_playpause_icon\"><\/div><\/div><\/div><br \/>\n<section  class='av_textblock_section av-kkyos7-d67c68c11db67252faec445408e370d1 '   itemscope=\"itemscope\" itemtype=\"https:\/\/schema.org\/CreativeWork\" ><div class='avia_textblock'  itemprop=\"text\" ><h3>Bilder<\/h3>\n<\/div><\/section><br \/>\n\n<style type=\"text\/css\" data-created_by=\"avia_inline_auto\" id=\"style-css-av-jbktc7-2a9bf96c856f99180ee3769be7cf2bb6\">\n#top .avia-gallery.av-jbktc7-2a9bf96c856f99180ee3769be7cf2bb6 .avia-gallery-thumb a{\nwidth:14.2857%;\n}\n<\/style>\n<div  class='avia-gallery av-jbktc7-2a9bf96c856f99180ee3769be7cf2bb6 avia_animate_when_visible  avia-builder-el-3  el_after_av_textblock  avia-builder-el-last  avia_lazyload avia-gallery-animate avia-gallery-1'  itemprop=\"image\" itemscope=\"itemscope\" itemtype=\"https:\/\/schema.org\/ImageObject\" ><meta itemprop=\"contentURL\" content=\"https:\/\/www.video-animation.ch\/fr\/portfolio-item\/mix-up-video-animation\/\"><div class='avia-gallery-thumb'><a href=\"https:\/\/www.video-animation.ch\/wp-content\/uploads\/2016\/09\/mixUp_Festival_Bern_Animation_by_Animativ.jpg\" data-srcset=\"https:\/\/www.video-animation.ch\/wp-content\/uploads\/2016\/09\/mixUp_Festival_Bern_Animation_by_Animativ.jpg 800w, https:\/\/www.video-animation.ch\/wp-content\/uploads\/2016\/09\/mixUp_Festival_Bern_Animation_by_Animativ-300x225.jpg 300w, https:\/\/www.video-animation.ch\/wp-content\/uploads\/2016\/09\/mixUp_Festival_Bern_Animation_by_Animativ-768x576.jpg 768w, https:\/\/www.video-animation.ch\/wp-content\/uploads\/2016\/09\/mixUp_Festival_Bern_Animation_by_Animativ-705x529.jpg 705w, https:\/\/www.video-animation.ch\/wp-content\/uploads\/2016\/09\/mixUp_Festival_Bern_Animation_by_Animativ-450x338.jpg 450w\" data-sizes=\"(max-width: 800px) 100vw, 800px\" data-rel='gallery-1' data-prev-img='https:\/\/www.video-animation.ch\/wp-content\/uploads\/2016\/09\/mixUp_Festival_Bern_Animation_by_Animativ-710x375.jpg' class='first_thumb lightbox ' data-onclick='1' title='MixUp Festival Bern &#8211; Animation by Animativ Video Editing Bern'  itemprop=\"thumbnailUrl\"  ><img decoding=\"async\" fetchpriority=\"high\" class=\"wp-image-4249 avia-img-lazy-loading-not-4249\"  data-avia-tooltip='MixUp Festival Bern &#8211; Animation by Animativ Video Editing Bern' src=\"https:\/\/www.video-animation.ch\/wp-content\/uploads\/2016\/09\/mixUp_Festival_Bern_Animation_by_Animativ-260x185.jpg\" width=\"260\" height=\"185\"  title='MixUp Festival Bern - Animation by Animativ Video Editing Bern' alt='MixUp Festival Bern - Animation by Animativ Video Editing Bern' \/><div class='big-prev-fake'><img decoding=\"async\" loading=\"lazy\" class=\"wp-image-4249 avia-img-lazy-loading-4249\"  width=\"710\" height=\"375\" src=\"https:\/\/www.video-animation.ch\/wp-content\/uploads\/2016\/09\/mixUp_Festival_Bern_Animation_by_Animativ-710x375.jpg\" title='MixUp Festival Bern - Animation by Animativ Video Editing Bern' alt='MixUp Festival Bern - Animation by Animativ Video Editing Bern' srcset=\"https:\/\/www.video-animation.ch\/wp-content\/uploads\/2016\/09\/mixUp_Festival_Bern_Animation_by_Animativ-710x375.jpg 710w, https:\/\/www.video-animation.ch\/wp-content\/uploads\/2016\/09\/mixUp_Festival_Bern_Animation_by_Animativ-800x423.jpg 800w\" sizes=\"(max-width: 710px) 100vw, 710px\" \/><\/div><\/a><a href=\"https:\/\/www.video-animation.ch\/wp-content\/uploads\/2016\/09\/mixUp_Festival_Bern_02_Animation_by_Animativ.jpg\" data-srcset=\"https:\/\/www.video-animation.ch\/wp-content\/uploads\/2016\/09\/mixUp_Festival_Bern_02_Animation_by_Animativ.jpg 800w, https:\/\/www.video-animation.ch\/wp-content\/uploads\/2016\/09\/mixUp_Festival_Bern_02_Animation_by_Animativ-300x225.jpg 300w, https:\/\/www.video-animation.ch\/wp-content\/uploads\/2016\/09\/mixUp_Festival_Bern_02_Animation_by_Animativ-768x576.jpg 768w, https:\/\/www.video-animation.ch\/wp-content\/uploads\/2016\/09\/mixUp_Festival_Bern_02_Animation_by_Animativ-705x529.jpg 705w, https:\/\/www.video-animation.ch\/wp-content\/uploads\/2016\/09\/mixUp_Festival_Bern_02_Animation_by_Animativ-450x338.jpg 450w\" data-sizes=\"(max-width: 800px) 100vw, 800px\" data-rel='gallery-1' data-prev-img='https:\/\/www.video-animation.ch\/wp-content\/uploads\/2016\/09\/mixUp_Festival_Bern_02_Animation_by_Animativ-710x375.jpg' class='lightbox ' data-onclick='2' title='MixUp Festival Bern &#8211; Animation by Animativ Video Editing Bern\r\nmit Bewegungsunsch\u00e4rfe'  itemprop=\"thumbnailUrl\"  ><img decoding=\"async\" fetchpriority=\"high\" class=\"wp-image-4250 avia-img-lazy-loading-not-4250\"  data-avia-tooltip='MixUp Festival Bern &#8211; Animation by Animativ Video Editing Bern\r\nmit Bewegungsunsch\u00e4rfe' src=\"https:\/\/www.video-animation.ch\/wp-content\/uploads\/2016\/09\/mixUp_Festival_Bern_02_Animation_by_Animativ-260x185.jpg\" width=\"260\" height=\"185\"  title='MixUp Festival Bern - Animation by Animativ Video Editing Bern' alt='MixUp Festival Bern - Animation by Animativ Video Editing Bern' \/><div class='big-prev-fake'><img decoding=\"async\" loading=\"lazy\" class=\"wp-image-4250 avia-img-lazy-loading-4250\"  width=\"710\" height=\"375\" src=\"https:\/\/www.video-animation.ch\/wp-content\/uploads\/2016\/09\/mixUp_Festival_Bern_02_Animation_by_Animativ-710x375.jpg\" title='MixUp Festival Bern - Animation by Animativ Video Editing Bern' alt='MixUp Festival Bern - Animation by Animativ Video Editing Bern' srcset=\"https:\/\/www.video-animation.ch\/wp-content\/uploads\/2016\/09\/mixUp_Festival_Bern_02_Animation_by_Animativ-710x375.jpg 710w, https:\/\/www.video-animation.ch\/wp-content\/uploads\/2016\/09\/mixUp_Festival_Bern_02_Animation_by_Animativ-800x423.jpg 800w\" sizes=\"(max-width: 710px) 100vw, 710px\" \/><\/div><\/a><a href=\"https:\/\/www.video-animation.ch\/wp-content\/uploads\/2016\/09\/mixUp_Festival_Bern_outro_Animation_by_Animativ.jpg\" data-srcset=\"https:\/\/www.video-animation.ch\/wp-content\/uploads\/2016\/09\/mixUp_Festival_Bern_outro_Animation_by_Animativ.jpg 800w, https:\/\/www.video-animation.ch\/wp-content\/uploads\/2016\/09\/mixUp_Festival_Bern_outro_Animation_by_Animativ-300x225.jpg 300w, https:\/\/www.video-animation.ch\/wp-content\/uploads\/2016\/09\/mixUp_Festival_Bern_outro_Animation_by_Animativ-768x576.jpg 768w, https:\/\/www.video-animation.ch\/wp-content\/uploads\/2016\/09\/mixUp_Festival_Bern_outro_Animation_by_Animativ-705x529.jpg 705w, https:\/\/www.video-animation.ch\/wp-content\/uploads\/2016\/09\/mixUp_Festival_Bern_outro_Animation_by_Animativ-450x338.jpg 450w\" data-sizes=\"(max-width: 800px) 100vw, 800px\" data-rel='gallery-1' data-prev-img='https:\/\/www.video-animation.ch\/wp-content\/uploads\/2016\/09\/mixUp_Festival_Bern_outro_Animation_by_Animativ-710x375.jpg' class='lightbox ' data-onclick='3' title='MixUp Festival Bern Video Animation Credits by Animativ'  itemprop=\"thumbnailUrl\"  ><img decoding=\"async\" fetchpriority=\"high\" class=\"wp-image-4265 avia-img-lazy-loading-not-4265\"  data-avia-tooltip='MixUp Festival Bern Video Animation Credits by Animativ' src=\"https:\/\/www.video-animation.ch\/wp-content\/uploads\/2016\/09\/mixUp_Festival_Bern_outro_Animation_by_Animativ-260x185.jpg\" width=\"260\" height=\"185\"  title='MixUp Festival Bern Video Animation Credits by Animativ' alt='MixUp Festival Bern Video Animation Credits by Animativ' \/><div class='big-prev-fake'><img decoding=\"async\" loading=\"lazy\" class=\"wp-image-4265 avia-img-lazy-loading-4265\"  width=\"710\" height=\"375\" src=\"https:\/\/www.video-animation.ch\/wp-content\/uploads\/2016\/09\/mixUp_Festival_Bern_outro_Animation_by_Animativ-710x375.jpg\" title='MixUp Festival Bern Video Animation Credits by Animativ' alt='MixUp Festival Bern Video Animation Credits by Animativ' srcset=\"https:\/\/www.video-animation.ch\/wp-content\/uploads\/2016\/09\/mixUp_Festival_Bern_outro_Animation_by_Animativ-710x375.jpg 710w, https:\/\/www.video-animation.ch\/wp-content\/uploads\/2016\/09\/mixUp_Festival_Bern_outro_Animation_by_Animativ-800x423.jpg 800w\" sizes=\"(max-width: 710px) 100vw, 710px\" \/><\/div><\/a><\/div><\/div><\/p><\/div>\n<style type=\"text\/css\" data-created_by=\"avia_inline_auto\" id=\"style-css-av-hd50rb-7d93f2aadf0785f82e0b60fd82af3868\">\n.flex_column.av-hd50rb-7d93f2aadf0785f82e0b60fd82af3868{\nborder-radius:0px 0px 0px 0px;\npadding:0px 0px 0px 0px;\n}\n<\/style>\n<div  class='flex_column av-hd50rb-7d93f2aadf0785f82e0b60fd82af3868 av_one_third  avia-builder-el-4  el_after_av_two_third  el_before_av_section  avia-builder-el-last  flex_column_div av-zero-column-padding  '     ><section  class='av_textblock_section av-fbczh3-a177b4246a77bd31b603280a97541d11 '   itemscope=\"itemscope\" itemtype=\"https:\/\/schema.org\/CreativeWork\" ><div class='avia_textblock'  itemprop=\"text\" ><h3>Mix Up!\u00a0&#8211;\u00a0Festival Plakat Video Animation<\/h3>\n<p>Video Animation des Festival Plakates \u00ab\u00a0Mix Up!\u00a0\u00bb. Das Theater, Performance, Tanz und Musik Festival in Bern.<br \/>\nIn Zusammenarbeit mit B\u00fcro Destruct &#8211; BD (Illustration)<\/p>\n<p>Erstellung: September\u00a02016<\/p>\n<\/div><\/section><br \/>\n<div  class='togglecontainer av-e89nw7-18332e5b2ef3a73ba545b7708f982e6c  avia-builder-el-6  el_after_av_textblock  avia-builder-el-last  toggle_close_all' >\n<section class='av_toggle_section av-c67zdz-a1b56b97939d244b321ed4e9b8f446e8'  itemscope=\"itemscope\" itemtype=\"https:\/\/schema.org\/CreativeWork\" ><div role=\"tablist\" class=\"single_toggle\" data-tags=\"{Tout} \"  ><p id='toggle-toggle-id-1' data-fake-id='#toggle-id-1' class='toggler  activeTitle av-title-above '  itemprop=\"headline\"  role='tab' tabindex='0' aria-controls='toggle-id-1' data-slide-speed=\"200\" data-title=\"Kunde\" data-title-open=\"\" data-aria_collapsed=\"Click to expand: Kunde\" data-aria_expanded=\"Click to collapse: Kunde\">Kunde<span class=\"toggle_icon\"><span class=\"vert_icon\"><\/span><span class=\"hor_icon\"><\/span><\/span><\/p><div id='toggle-id-1' aria-labelledby='toggle-toggle-id-1' role='region' class='toggle_wrap  active_tc av-title-above' style='display:block;' ><div class='toggle_content invers-color '  itemprop=\"text\" ><p><strong>Mix Up! Festival<\/strong><\/p>\n<p>Mix Up! Festival in Zusammenarbeit mit B\u00fcro Destruct BD Bern<br \/>\nEin Berner Festival in der Dampfzentrale \/ im Schlachthaus Theater Bern<\/p>\n<p><a href=\"http:\/\/www.mixupfestival.ch\">Mix-Up<\/a><\/p>\n<p><a href=\"http:\/\/www.schlachthaus.ch\">Schlachthaus Theater Bern<\/a><\/p>\n<p><a href=\"http:\/\/dampfzentrale.ch\/\">Dampfzentrale<\/a><\/p>\n<\/div><\/div><\/div><\/section>\n<section class='av_toggle_section av-al90if-ccba9e2ea136f09b0187509cddadae96'  itemscope=\"itemscope\" itemtype=\"https:\/\/schema.org\/CreativeWork\" ><div role=\"tablist\" class=\"single_toggle\" data-tags=\"{Tout} \"  ><p id='toggle-toggle-id-2' data-fake-id='#toggle-id-2' class='toggler  av-title-above '  itemprop=\"headline\"  role='tab' tabindex='0' aria-controls='toggle-id-2' data-slide-speed=\"200\" data-title=\"meine Funktion\" data-title-open=\"\" data-aria_collapsed=\"Click to expand: meine Funktion\" data-aria_expanded=\"Click to collapse: meine Funktion\">meine Funktion<span class=\"toggle_icon\"><span class=\"vert_icon\"><\/span><span class=\"hor_icon\"><\/span><\/span><\/p><div id='toggle-id-2' aria-labelledby='toggle-toggle-id-2' role='region' class='toggle_wrap  av-title-above'  ><div class='toggle_content invers-color '  itemprop=\"text\" ><ul>\n<li>Video Schnitt &#038; Animation<\/li>\n<\/ul>\n<\/div><\/div><\/div><\/section>\n<section class='av_toggle_section av-8o335z-773902a089c0b8517454ffb395596400'  itemscope=\"itemscope\" itemtype=\"https:\/\/schema.org\/CreativeWork\" ><div role=\"tablist\" class=\"single_toggle\" data-tags=\"{Tout} \"  ><p id='toggle-toggle-id-3' data-fake-id='#toggle-id-3' class='toggler  av-title-above '  itemprop=\"headline\"  role='tab' tabindex='0' aria-controls='toggle-id-3' data-slide-speed=\"200\" data-title=\"damit verbundene Kompetenzen\" data-title-open=\"\" data-aria_collapsed=\"Click to expand: damit verbundene Kompetenzen\" data-aria_expanded=\"Click to collapse: damit verbundene Kompetenzen\">damit verbundene Kompetenzen<span class=\"toggle_icon\"><span class=\"vert_icon\"><\/span><span class=\"hor_icon\"><\/span><\/span><\/p><div id='toggle-id-3' aria-labelledby='toggle-toggle-id-3' role='region' class='toggle_wrap  av-title-above'  ><div class='toggle_content invers-color '  itemprop=\"text\" ><ul>\n<li>Adobe After Effects, Video Schnitt &#038; Animation<\/li>\n<\/ul>\n<\/div><\/div><\/div><\/section>\n<\/div><\/p><\/div><\/p>\n<\/div><\/div><\/div><!-- close content main div --><\/div><\/div><div id='av_section_1'  class='avia-section av-77ixvr-e2225255e8f57a70316cd0ba7a983bac alternate_color avia-section-default avia-shadow  avia-builder-el-7  el_after_av_one_third  avia-builder-el-last  avia-bg-style-scroll container_wrap sidebar_right'  ><div class='container av-section-cont-open' ><div class='template-page content  av-content-small alpha units'><div class='post-entry post-entry-type-page post-entry-4266'><div class='entry-content-wrapper clearfix'>\n<section  class='av_textblock_section av-6hgdav-dac3a77c11f291ac076271ae38578794 '   itemscope=\"itemscope\" itemtype=\"https:\/\/schema.org\/CreativeWork\" ><div class='avia_textblock'  itemprop=\"text\" ><h4 style=\"text-align: center;\">Die neusten Eintr\u00e4ge<\/h4>\n<\/div><\/section>\n<div  class='hr av-3q771j-c0f33fb27a16e5c8c146c9b591e310f3 hr-short  avia-builder-el-9  el_after_av_textblock  el_before_av_portfolio  avia-builder-el-last  hr-center'><span class='hr-inner '><span class=\"hr-inner-style\"><\/span><\/span><\/div>\n<div  id=\"av-sc-portfolio-1\"  class=' grid-sort-container isotope   no_margin-container with-excerpt-container grid-total-even grid-col-4 grid-links-' data-portfolio-id='1'><div data-ajax-id='4529' class=' grid-entry flex_column isotope-item all_sort no_margin post-entry post-entry-4529 grid-entry-overview grid-loop-1 grid-parity-odd  animation-fr_sort logo-bilder-fr_sort video_sort  av_one_fourth first default_av_fullwidth '><article class='main_color inner-entry'  itemscope=\"itemscope\" itemtype=\"https:\/\/schema.org\/CreativeWork\" ><a href=\"https:\/\/www.video-animation.ch\/fr\/portfolio-item\/time-to-move-video-animation-fuer-oev-kampagne\/\" title='Time to move &#8211; Video Animation f\u00fcr \u00d6V Kampagne'  data-rel='grid-1' class='grid-image avia-hover-fx'> <img decoding=\"async\" fetchpriority=\"high\" width=\"260\" height=\"185\" src=\"https:\/\/www.video-animation.ch\/wp-content\/uploads\/2020\/11\/Logo-animation-Time-to-move-Video-2-260x185.jpg\" class=\"wp-image-4516 avia-img-lazy-loading-not-4516 attachment-portfolio_small size-portfolio_small wp-post-image\" alt=\"\" \/><\/a><div class='grid-content'><div class='avia-arrow'><\/div><header class=\"entry-content-header\" aria-label=\"Portfolio: Time to move &#8211; Video Animation f\u00fcr \u00d6V Kampagne\"><h3 class='grid-entry-title entry-title '  itemprop=\"headline\" ><a href='https:\/\/www.video-animation.ch\/fr\/portfolio-item\/time-to-move-video-animation-fuer-oev-kampagne\/' title='Time to move &#8211; Video Animation f\u00fcr \u00d6V Kampagne'>Time to move &#8211; Video Animation f\u00fcr \u00d6V Kampagne<\/a><\/h3><\/header><div class='grid-entry-excerpt entry-content'  itemprop=\"text\" >Time to Move Kampagne<\/div><\/div><footer class=\"entry-footer\"><\/footer><\/article><\/div><div data-ajax-id='4266' class=' grid-entry flex_column isotope-item all_sort no_margin post-entry post-entry-4266 grid-entry-overview grid-loop-2 grid-parity-even  animation-fr_sort logo-bilder-fr_sort video_sort  av_one_fourth  default_av_fullwidth '><article class='main_color inner-entry'  itemscope=\"itemscope\" itemtype=\"https:\/\/schema.org\/CreativeWork\" ><a href=\"https:\/\/www.video-animation.ch\/fr\/portfolio-item\/mix-up-video-animation\/\" title='Mix Up! Plakat Video Animation'  data-rel='grid-1' class='grid-image avia-hover-fx'> <img decoding=\"async\" fetchpriority=\"high\" width=\"260\" height=\"185\" src=\"https:\/\/www.video-animation.ch\/wp-content\/uploads\/2016\/09\/mixUp_Festival_Bern_Animation_by_Animativ-260x185.jpg\" class=\"wp-image-4249 avia-img-lazy-loading-not-4249 attachment-portfolio_small size-portfolio_small wp-post-image\" alt=\"MixUp Festival Bern - Animation by Animativ Video Editing Bern\" \/><\/a><div class='grid-content'><div class='avia-arrow'><\/div><header class=\"entry-content-header\" aria-label=\"Portfolio: Mix Up! Plakat Video Animation\"><h3 class='grid-entry-title entry-title '  itemprop=\"headline\" ><a href='https:\/\/www.video-animation.ch\/fr\/portfolio-item\/mix-up-video-animation\/' title='Mix Up! Plakat Video Animation'>Mix Up! Plakat Video Animation<\/a><\/h3><\/header><div class='grid-entry-excerpt entry-content'  itemprop=\"text\" >Portfolio Element Video, MixUp! Festival Plakat Video Animation\r\nSeptember 2016<\/div><\/div><footer class=\"entry-footer\"><\/footer><\/article><\/div><div data-ajax-id='4262' class=' grid-entry flex_column isotope-item all_sort no_margin post-entry post-entry-4262 grid-entry-overview grid-loop-3 grid-parity-odd  animation-fr_sort images_sort logo-bilder-fr_sort video_sort  av_one_fourth  default_av_fullwidth '><article class='main_color inner-entry'  itemscope=\"itemscope\" itemtype=\"https:\/\/schema.org\/CreativeWork\" ><a href=\"https:\/\/www.video-animation.ch\/fr\/portfolio-item\/moser-schelker-nrj-youtube-kanal-video\/\" title='Moser &#038; Schelker &#8211; YouTube Kanal Intro Video'  data-rel='grid-1' class='grid-image avia-hover-fx'> <img decoding=\"async\" fetchpriority=\"high\" width=\"260\" height=\"185\" src=\"https:\/\/www.video-animation.ch\/wp-content\/uploads\/2016\/09\/Moser_Schelker_Logo_stempel_by_Animativ-260x185.jpg\" class=\"wp-image-4247 avia-img-lazy-loading-not-4247 attachment-portfolio_small size-portfolio_small wp-post-image\" alt=\"Moser Schelker Logo kreation by Animativ\" \/><\/a><div class='grid-content'><div class='avia-arrow'><\/div><header class=\"entry-content-header\" aria-label=\"Portfolio: Moser &#038; Schelker &#8211; YouTube Kanal Intro Video\"><h3 class='grid-entry-title entry-title '  itemprop=\"headline\" ><a href='https:\/\/www.video-animation.ch\/fr\/portfolio-item\/moser-schelker-nrj-youtube-kanal-video\/' title='Moser &#038; Schelker &#8211; YouTube Kanal Intro Video'>Moser &#038; Schelker &#8211; YouTube Kanal Intro Video<\/a><\/h3><\/header><div class='grid-entry-excerpt entry-content'  itemprop=\"text\" >Portfolio Element Video, YouTube Intro Clip Moser & Schelker\r\nDezember 2015<\/div><\/div><footer class=\"entry-footer\"><\/footer><\/article><\/div><div data-ajax-id='4258' class=' grid-entry flex_column isotope-item all_sort no_margin post-entry post-entry-4258 grid-entry-overview grid-loop-4 grid-parity-even  post-entry-last  animation-fr_sort video_sort  av_one_fourth  default_av_fullwidth '><article class='main_color inner-entry'  itemscope=\"itemscope\" itemtype=\"https:\/\/schema.org\/CreativeWork\" ><a href=\"https:\/\/www.video-animation.ch\/fr\/portfolio-item\/die-mobiliar-app-werbevideo\/\" title='die Mobiliar &#8211; App Werbe Video'  data-rel='grid-1' class='grid-image avia-hover-fx'> <img decoding=\"async\" fetchpriority=\"high\" width=\"260\" height=\"185\" src=\"https:\/\/www.video-animation.ch\/wp-content\/uploads\/2016\/09\/dieMobiliar_App_Intro_by_Animativ-260x185.jpg\" class=\"wp-image-4209 avia-img-lazy-loading-not-4209 attachment-portfolio_small size-portfolio_small wp-post-image\" alt=\"Die Mobiliar App - Promotions Video by Animativ\" \/><\/a><div class='grid-content'><div class='avia-arrow'><\/div><header class=\"entry-content-header\" aria-label=\"Portfolio: die Mobiliar &#8211; App Werbe Video\"><h3 class='grid-entry-title entry-title '  itemprop=\"headline\" ><a href='https:\/\/www.video-animation.ch\/fr\/portfolio-item\/die-mobiliar-app-werbevideo\/' title='die Mobiliar &#8211; App Werbe Video'>die Mobiliar &#8211; App Werbe Video<\/a><\/h3><\/header><div class='grid-entry-excerpt entry-content'  itemprop=\"text\" >Portfolio Element Video, Werbe Clip f\u00fcr die Mobiliar App\r\nApril 2016<\/div><\/div><footer class=\"entry-footer\"><\/footer><\/article><\/div><\/div>\n<\/div><\/div><\/div><!-- close content main div --><\/div><\/div><div id='after_section_1'  class='main_color av_default_container_wrap container_wrap sidebar_right'  ><div class='container av-section-cont-open' ><div class='template-page content  av-content-small alpha units'><div class='post-entry post-entry-type-page post-entry-4266'><div class='entry-content-wrapper clearfix'>\n","protected":false},"excerpt":{"rendered":"<p>Portfolio Element Video, MixUp! Festival Plakat Video Animation<br \/>\nSeptember 2016<\/p>\n","protected":false},"author":1,"featured_media":4249,"comment_status":"closed","ping_status":"closed","template":"","meta":{"footnotes":""},"tags":[54,57,80],"portfolio_entries":[48,127,47],"class_list":["post-4266","portfolio","type-portfolio","status-publish","has-post-thumbnail","hentry","tag-animation-fr","tag-video-fr","tag-werbevideo-fr","portfolio_entries-animation-fr","portfolio_entries-logo-bilder-fr","portfolio_entries-video"],"_links":{"self":[{"href":"https:\/\/www.video-animation.ch\/fr\/wp-json\/wp\/v2\/portfolio\/4266"}],"collection":[{"href":"https:\/\/www.video-animation.ch\/fr\/wp-json\/wp\/v2\/portfolio"}],"about":[{"href":"https:\/\/www.video-animation.ch\/fr\/wp-json\/wp\/v2\/types\/portfolio"}],"author":[{"embeddable":true,"href":"https:\/\/www.video-animation.ch\/fr\/wp-json\/wp\/v2\/users\/1"}],"replies":[{"embeddable":true,"href":"https:\/\/www.video-animation.ch\/fr\/wp-json\/wp\/v2\/comments?post=4266"}],"version-history":[{"count":2,"href":"https:\/\/www.video-animation.ch\/fr\/wp-json\/wp\/v2\/portfolio\/4266\/revisions"}],"predecessor-version":[{"id":4533,"href":"https:\/\/www.video-animation.ch\/fr\/wp-json\/wp\/v2\/portfolio\/4266\/revisions\/4533"}],"wp:featuredmedia":[{"embeddable":true,"href":"https:\/\/www.video-animation.ch\/fr\/wp-json\/wp\/v2\/media\/4249"}],"wp:attachment":[{"href":"https:\/\/www.video-animation.ch\/fr\/wp-json\/wp\/v2\/media?parent=4266"}],"wp:term":[{"taxonomy":"post_tag","embeddable":true,"href":"https:\/\/www.video-animation.ch\/fr\/wp-json\/wp\/v2\/tags?post=4266"},{"taxonomy":"portfolio_entries","embeddable":true,"href":"https:\/\/www.video-animation.ch\/fr\/wp-json\/wp\/v2\/portfolio_entries?post=4266"}],"curies":[{"name":"wp","href":"https:\/\/api.w.org\/{rel}","templated":true}]}}